{"id":17142,"date":"2026-04-06T17:40:48","date_gmt":"2026-04-06T21:40:48","guid":{"rendered":"https:\/\/icardio.ca\/mario-senechal-md-frcpc\/"},"modified":"2026-04-06T17:48:44","modified_gmt":"2026-04-06T21:48:44","slug":"mario-senechal-md-frcpc","status":"publish","type":"page","link":"https:\/\/icardio.ca\/es\/mario-senechal-md-frcpc\/","title":{"rendered":"Mario S\u00e9n\u00e9chal, MD, FRCP(C)"},"content":{"rendered":"\t\t<div data-elementor-type=\"wp-page\" data-elementor-id=\"17142\" class=\"elementor elementor-17142 elementor-17128\" data-elementor-post-type=\"page\">\n\t\t\t\t\t\t<section class=\"elementor-section elementor-top-section elementor-element elementor-element-875a25b elementor-section-boxed elementor-section-height-default elementor-section-height-default\" data-id=\"875a25b\" data-element_type=\"section\" data-settings=\"{&quot;background_background&quot;:&quot;classic&quot;,&quot;ekit_has_onepagescroll_dot&quot;:&quot;yes&quot;}\">\n\t\t\t\t\t\t\t<div class=\"elementor-background-overlay\"><\/div>\n\t\t\t\t\t\t\t<div class=\"elementor-container elementor-column-gap-default\">\n\t\t\t\t\t<div class=\"elementor-column elementor-col-100 elementor-top-column elementor-element elementor-element-108311f\" data-id=\"108311f\" data-element_type=\"column\" data-settings=\"{&quot;background_background&quot;:&quot;classic&quot;}\">\n\t\t\t<div class=\"elementor-widget-wrap elementor-element-populated\">\n\t\t\t\t\t\t<div class=\"elementor-element elementor-element-ec82eaf elementor-widget elementor-widget-heading\" data-id=\"ec82eaf\" data-element_type=\"widget\" data-settings=\"{&quot;ekit_we_effect_on&quot;:&quot;none&quot;}\" data-widget_type=\"heading.default\">\n\t\t\t\t<div class=\"elementor-widget-container\">\n\t\t\t\t\t<h1 class=\"elementor-heading-title elementor-size-default\">Mario S\u00e9n\u00e9chal, MD, FRCP(C)<\/h1>\t\t\t\t<\/div>\n\t\t\t\t<\/div>\n\t\t\t\t<div class=\"elementor-element elementor-element-52a4955 elementor-widget elementor-widget-elementskit-breadcrumb\" data-id=\"52a4955\" data-element_type=\"widget\" data-settings=\"{&quot;ekit_we_effect_on&quot;:&quot;none&quot;}\" data-widget_type=\"elementskit-breadcrumb.default\">\n\t\t\t\t<div class=\"elementor-widget-container\">\n\t\t\t\t\t<div class=\"ekit-wid-con\" ><ol class=\"ekit-breadcrumb\"><li class=\"ekit_breadcrumbs_start\"><a href=\"https:\/\/icardio.ca\/es\/\">Bienvenido<\/a><\/li> <li class=\"brd_sep\"> &raquo; <\/li>  <li>Mario S\u00e9n\u00e9chal, MD, FRCP(C)<\/li><\/ol><\/div>\t\t\t\t<\/div>\n\t\t\t\t<\/div>\n\t\t\t\t\t<\/div>\n\t\t<\/div>\n\t\t\t\t\t<\/div>\n\t\t<\/section>\n\t\t\t\t<section class=\"elementor-section elementor-top-section elementor-element elementor-element-12ee9961 elementor-section-boxed elementor-section-height-default elementor-section-height-default\" data-id=\"12ee9961\" data-element_type=\"section\" data-settings=\"{&quot;ekit_has_onepagescroll_dot&quot;:&quot;yes&quot;}\">\n\t\t\t\t\t\t<div class=\"elementor-container elementor-column-gap-default\">\n\t\t\t\t\t<div class=\"elementor-column elementor-col-66 elementor-top-column elementor-element elementor-element-41f0e84b\" data-id=\"41f0e84b\" data-element_type=\"column\" data-settings=\"{&quot;background_background&quot;:&quot;classic&quot;}\">\n\t\t\t<div class=\"elementor-widget-wrap elementor-element-populated\">\n\t\t\t\t\t<div class=\"elementor-background-overlay\"><\/div>\n\t\t\t\t\t\t<div class=\"elementor-element elementor-element-59a97610 elementor-widget elementor-widget-heading\" data-id=\"59a97610\" data-element_type=\"widget\" data-settings=\"{&quot;ekit_we_effect_on&quot;:&quot;none&quot;}\" data-widget_type=\"heading.default\">\n\t\t\t\t<div class=\"elementor-widget-container\">\n\t\t\t\t\t<h4 class=\"elementor-heading-title elementor-size-default\">Acerca de Mario S\u00e9n\u00e9chal<\/h4>\t\t\t\t<\/div>\n\t\t\t\t<\/div>\n\t\t\t\t<div class=\"elementor-element elementor-element-16a41f25 elementor-widget elementor-widget-text-editor\" data-id=\"16a41f25\" data-element_type=\"widget\" data-settings=\"{&quot;ekit_we_effect_on&quot;:&quot;none&quot;}\" data-widget_type=\"text-editor.default\">\n\t\t\t\t<div class=\"elementor-widget-container\">\n\t\t\t\t\t\t\t\t\t<p>Cardi\u00f3logo<br \/>Profesor asociado, Facultad de Medicina, Universit\u00e9 Laval<\/p><p><strong>Formaci\u00f3n<\/strong><\/p><p>El Dr. Mario S\u00e9n\u00e9chal obtuvo su t\u00edtulo de m\u00e9dico en la Universit\u00e9 de Montr\u00e9al en 1989. Posteriormente complet\u00f3 su residencia en medicina interna en la Universit\u00e9 de Sherbrooke en 1993, seguida de una especializaci\u00f3n en cardiolog\u00eda en la Universit\u00e9 Laval en 1996.<\/p><p>Tambi\u00e9n posee un diploma interuniversitario (DIU) en inmunolog\u00eda de la Universit\u00e9 Fran\u00e7ois-Rabelais de Tours, Francia. Complet\u00f3 una formaci\u00f3n especializada (fellowship) en insuficiencia card\u00edaca, trasplante card\u00edaco y ecocardiograf\u00eda en el H\u00f4pital de la Piti\u00e9-Salp\u00eatri\u00e8re en Par\u00eds, as\u00ed como en el Sarver Heart Center en Tucson, Arizona, en 2003.<\/p><p><strong>Pr\u00e1ctica cl\u00ednica<\/strong><\/p><p>El Dr. S\u00e9n\u00e9chal es cardi\u00f3logo en el Institut universitaire de cardiologie et de pneumologie de Qu\u00e9bec (IUCPQ). Ejerce en los servicios de ecocardiograf\u00eda, as\u00ed como en los programas de insuficiencia card\u00edaca y trasplante.<\/p><p>Tambi\u00e9n es director de la cl\u00ednica de sarcoidosis card\u00edaca, donde participa en la atenci\u00f3n de esta enfermedad compleja y relativamente poco frecuente.<\/p><p><strong>Responsabilidades y liderazgo<\/strong><\/p><p>El Dr. S\u00e9n\u00e9chal es director del programa de insuficiencia card\u00edaca y trasplante en el IUCPQ. Tambi\u00e9n es responsable del programa de formaci\u00f3n en investigaci\u00f3n dentro de la instituci\u00f3n.<\/p><p>Muy implicado en la comunidad cient\u00edfica, ha ocupado la presidencia del comit\u00e9 cient\u00edfico de la Sociedad Quebequense de Insuficiencia Card\u00edaca.<\/p><p><strong>Docencia e implicaci\u00f3n acad\u00e9mica<\/strong><\/p><p>El Dr. S\u00e9n\u00e9chal es profesor asociado en la Facultad de Medicina de la Universit\u00e9 Laval. Participa activamente en la formaci\u00f3n de estudiantes de medicina y m\u00e9dicos residentes, contribuyendo al desarrollo de la pr\u00f3xima generaci\u00f3n de cardi\u00f3logos.<\/p><p><strong>Investigaci\u00f3n y publicaciones<\/strong><\/p><p>El Dr. S\u00e9n\u00e9chal ha publicado m\u00e1s de 150 art\u00edculos y res\u00famenes cient\u00edficos y participa activamente en la revisi\u00f3n de art\u00edculos para diversas revistas especializadas.<\/p><p>Sus \u00e1reas de inter\u00e9s incluyen principalmente las enfermedades valvulares mitrales y a\u00f3rticas, as\u00ed como la terapia de resincronizaci\u00f3n card\u00edaca.<\/p><p>\u00a0<\/p>\t\t\t\t\t\t\t\t<\/div>\n\t\t\t\t<\/div>\n\t\t\t\t\t<\/div>\n\t\t<\/div>\n\t\t\t\t<div class=\"elementor-column elementor-col-33 elementor-top-column elementor-element elementor-element-6f0e12d0\" data-id=\"6f0e12d0\" data-element_type=\"column\">\n\t\t\t<div class=\"elementor-widget-wrap elementor-element-populated\">\n\t\t\t\t\t\t<section class=\"elementor-section elementor-inner-section elementor-element elementor-element-6c4b2b57 elementor-section-boxed elementor-section-height-default elementor-section-height-default\" data-id=\"6c4b2b57\" data-element_type=\"section\" data-settings=\"{&quot;ekit_has_onepagescroll_dot&quot;:&quot;yes&quot;}\">\n\t\t\t\t\t\t<div class=\"elementor-container elementor-column-gap-default\">\n\t\t\t\t\t<div class=\"elementor-column elementor-col-100 elementor-inner-column elementor-element elementor-element-3ec586d2\" data-id=\"3ec586d2\" data-element_type=\"column\" data-settings=\"{&quot;background_background&quot;:&quot;classic&quot;}\">\n\t\t\t<div class=\"elementor-widget-wrap elementor-element-populated\">\n\t\t\t\t\t\t<div class=\"elementor-element elementor-element-64a6199 elementor-widget__width-auto elementor-widget elementor-widget-image\" data-id=\"64a6199\" data-element_type=\"widget\" data-settings=\"{&quot;ekit_we_effect_on&quot;:&quot;none&quot;}\" data-widget_type=\"image.default\">\n\t\t\t\t<div class=\"elementor-widget-container\">\n\t\t\t\t\t\t\t\t\t\t\t\t\t\t\t<img fetchpriority=\"high\" decoding=\"async\" width=\"225\" height=\"225\" src=\"https:\/\/icardio.ca\/wp-content\/uploads\/2026\/04\/Mario-Senechal.jpg\" class=\"attachment-full size-full wp-image-17143\" alt=\"\" srcset=\"https:\/\/icardio.ca\/wp-content\/uploads\/2026\/04\/Mario-Senechal.jpg 225w, https:\/\/icardio.ca\/wp-content\/uploads\/2026\/04\/Mario-Senechal-150x150.jpg 150w\" sizes=\"(max-width: 225px) 100vw, 225px\" \/>\t\t\t\t\t\t\t\t\t\t\t\t\t\t\t<\/div>\n\t\t\t\t<\/div>\n\t\t\t\t\t<\/div>\n\t\t<\/div>\n\t\t\t\t\t<\/div>\n\t\t<\/section>\n\t\t\t\t\t<\/div>\n\t\t<\/div>\n\t\t\t\t\t<\/div>\n\t\t<\/section>\n\t\t\t\t<section class=\"elementor-section elementor-top-section elementor-element elementor-element-55f8f2cd elementor-section-boxed elementor-section-height-default elementor-section-height-default\" data-id=\"55f8f2cd\" data-element_type=\"section\" data-settings=\"{&quot;background_background&quot;:&quot;classic&quot;,&quot;ekit_has_onepagescroll_dot&quot;:&quot;yes&quot;}\">\n\t\t\t\t\t\t\t<div class=\"elementor-background-overlay\"><\/div>\n\t\t\t\t\t\t\t<div class=\"elementor-container elementor-column-gap-default\">\n\t\t\t\t\t<div class=\"elementor-column elementor-col-100 elementor-top-column elementor-element elementor-element-7b713cd7\" data-id=\"7b713cd7\" data-element_type=\"column\">\n\t\t\t<div class=\"elementor-widget-wrap elementor-element-populated\">\n\t\t\t\t\t\t<div class=\"elementor-element elementor-element-d6468f3 elementor-widget elementor-widget-image\" data-id=\"d6468f3\" data-element_type=\"widget\" data-settings=\"{&quot;ekit_we_effect_on&quot;:&quot;none&quot;}\" data-widget_type=\"image.default\">\n\t\t\t\t<div class=\"elementor-widget-container\">\n\t\t\t\t\t\t\t\t\t\t\t\t\t\t\t<img decoding=\"async\" width=\"412\" height=\"145\" src=\"https:\/\/icardio.ca\/wp-content\/uploads\/2024\/02\/logo.png\" class=\"attachment-large size-large wp-image-2520\" alt=\"\" srcset=\"https:\/\/icardio.ca\/wp-content\/uploads\/2024\/02\/logo.png 412w, https:\/\/icardio.ca\/wp-content\/uploads\/2024\/02\/logo-300x106.png 300w\" sizes=\"(max-width: 412px) 100vw, 412px\" \/>\t\t\t\t\t\t\t\t\t\t\t\t\t\t\t<\/div>\n\t\t\t\t<\/div>\n\t\t\t\t<div class=\"elementor-element elementor-element-561b04b5 elementor-widget elementor-widget-heading\" data-id=\"561b04b5\" data-element_type=\"widget\" data-settings=\"{&quot;ekit_we_effect_on&quot;:&quot;none&quot;}\" data-widget_type=\"heading.default\">\n\t\t\t\t<div class=\"elementor-widget-container\">\n\t\t\t\t\t<h2 class=\"elementor-heading-title elementor-size-default\"><a href=\"https:\/\/icardio.ca\/es\/contacto\/\">\u00bfDeseas contactar a uno de nuestros colaboradores?<\/a><\/h2>\t\t\t\t<\/div>\n\t\t\t\t<\/div>\n\t\t\t\t<div class=\"elementor-element elementor-element-1a7113bb elementor-align-center elementor-widget elementor-widget-button\" data-id=\"1a7113bb\" data-element_type=\"widget\" data-settings=\"{&quot;ekit_we_effect_on&quot;:&quot;none&quot;}\" data-widget_type=\"button.default\">\n\t\t\t\t<div class=\"elementor-widget-container\">\n\t\t\t\t\t\t\t\t\t<div class=\"elementor-button-wrapper\">\n\t\t\t\t\t<a class=\"elementor-button elementor-button-link elementor-size-md\" href=\"https:\/\/icardio.ca\/es\/contacto\/\">\n\t\t\t\t\t\t<span class=\"elementor-button-content-wrapper\">\n\t\t\t\t\t\t\t\t\t<span class=\"elementor-button-text\">Cont\u00e1ctenos<\/span>\n\t\t\t\t\t<\/span>\n\t\t\t\t\t<\/a>\n\t\t\t\t<\/div>\n\t\t\t\t\t\t\t\t<\/div>\n\t\t\t\t<\/div>\n\t\t\t\t\t<\/div>\n\t\t<\/div>\n\t\t\t\t\t<\/div>\n\t\t<\/section>\n\t\t\t\t<\/div>\n\t\t","protected":false},"excerpt":{"rendered":"<p>Accueil Acerca de Mario S\u00e9n\u00e9chal Cardi\u00f3logoProfesor asociado, Facultad de Medicina, Universit\u00e9 Laval Formaci\u00f3n El Dr. Mario S\u00e9n\u00e9chal obtuvo su t\u00edtulo de m\u00e9dico en la Universit\u00e9 de Montr\u00e9al en 1989. Posteriormente complet\u00f3 su residencia en medicina interna en la Universit\u00e9 de Sherbrooke en 1993, seguida de una especializaci\u00f3n en cardiolog\u00eda en la Universit\u00e9 Laval en 1996. [&hellip;]<\/p>\n","protected":false},"author":4,"featured_media":0,"parent":0,"menu_order":0,"comment_status":"closed","ping_status":"closed","template":"elementor_header_footer","meta":{"footnotes":""},"class_list":["post-17142","page","type-page","status-publish","hentry"],"_links":{"self":[{"href":"https:\/\/icardio.ca\/es\/wp-json\/wp\/v2\/pages\/17142","targetHints":{"allow":["GET"]}}],"collection":[{"href":"https:\/\/icardio.ca\/es\/wp-json\/wp\/v2\/pages"}],"about":[{"href":"https:\/\/icardio.ca\/es\/wp-json\/wp\/v2\/types\/page"}],"author":[{"embeddable":true,"href":"https:\/\/icardio.ca\/es\/wp-json\/wp\/v2\/users\/4"}],"replies":[{"embeddable":true,"href":"https:\/\/icardio.ca\/es\/wp-json\/wp\/v2\/comments?post=17142"}],"version-history":[{"count":4,"href":"https:\/\/icardio.ca\/es\/wp-json\/wp\/v2\/pages\/17142\/revisions"}],"predecessor-version":[{"id":17147,"href":"https:\/\/icardio.ca\/es\/wp-json\/wp\/v2\/pages\/17142\/revisions\/17147"}],"wp:attachment":[{"href":"https:\/\/icardio.ca\/es\/wp-json\/wp\/v2\/media?parent=17142"}],"curies":[{"name":"wp","href":"https:\/\/api.w.org\/{rel}","templated":true}]}}